{"version":"1.0","provider_name":"Blog | GPI NEWS","provider_url":"https:\/\/puertointerior.guanajuato.gob.mx\/blog","author_name":"GPI NEWS","author_url":"https:\/\/puertointerior.guanajuato.gob.mx\/blog\/author\/rafa-jacinto\/","title":"BMW vuelve a confiar en M\u00e9xico - Blog | GPI NEWS","type":"rich","width":600,"height":338,"html":"<blockquote class=\"wp-embedded-content\" data-secret=\"1LD98yR0yq\"><a href=\"https:\/\/puertointerior.guanajuato.gob.mx\/blog\/2023\/02\/17\/bmw-vuelve-a-confiar-en-mexico\/\">BMW vuelve a confiar en M\u00e9xico<\/a><\/blockquote><iframe sandbox=\"allow-scripts\" security=\"restricted\" src=\"https:\/\/puertointerior.guanajuato.gob.mx\/blog\/2023\/02\/17\/bmw-vuelve-a-confiar-en-mexico\/embed\/#?secret=1LD98yR0yq\" width=\"600\" height=\"338\" title=\"&#8220;BMW vuelve a confiar en M\u00e9xico&#8221; &#8212; Blog | GPI NEWS\" data-secret=\"1LD98yR0yq\" frameborder=\"0\" marginwidth=\"0\" marginheight=\"0\" scrolling=\"no\" class=\"wp-embedded-content\"><\/iframe><script type=\"text\/javascript\">\n\/* <![CDATA[ *\/\n\/*! This file is auto-generated *\/\n!function(d,l){\"use strict\";l.querySelector&&d.addEventListener&&\"undefined\"!=typeof URL&&(d.wp=d.wp||{},d.wp.receiveEmbedMessage||(d.wp.receiveEmbedMessage=function(e){var t=e.data;if((t||t.secret||t.message||t.value)&&!\/[^a-zA-Z0-9]\/.test(t.secret)){for(var s,r,n,a=l.querySelectorAll('iframe[data-secret=\"'+t.secret+'\"]'),o=l.querySelectorAll('blockquote[data-secret=\"'+t.secret+'\"]'),c=new RegExp(\"^https?:$\",\"i\"),i=0;i<o.length;i++)o[i].style.display=\"none\";for(i=0;i<a.length;i++)s=a[i],e.source===s.contentWindow&&(s.removeAttribute(\"style\"),\"height\"===t.message?(1e3<(r=parseInt(t.value,10))?r=1e3:~~r<200&&(r=200),s.height=r):\"link\"===t.message&&(r=new URL(s.getAttribute(\"src\")),n=new URL(t.value),c.test(n.protocol))&&n.host===r.host&&l.activeElement===s&&(d.top.location.href=t.value))}},d.addEventListener(\"message\",d.wp.receiveEmbedMessage,!1),l.addEventListener(\"DOMContentLoaded\",function(){for(var e,t,s=l.querySelectorAll(\"iframe.wp-embedded-content\"),r=0;r<s.length;r++)(t=(e=s[r]).getAttribute(\"data-secret\"))||(t=Math.random().toString(36).substring(2,12),e.src+=\"#?secret=\"+t,e.setAttribute(\"data-secret\",t)),e.contentWindow.postMessage({message:\"ready\",secret:t},\"*\")},!1)))}(window,document);\n\/* ]]> *\/\n<\/script>\n","thumbnail_url":"https:\/\/puertointerior.guanajuato.gob.mx\/blog\/wp-content\/uploads\/2023\/02\/imagen_imagen_bmw_crop1676105520930.jpg_1970638775.jpg","thumbnail_width":770,"thumbnail_height":485,"description":"Con una inversi\u00f3n de alrededor de 800 millones de euros, la automotriz alemana construir\u00e1 una nueva planta en San Luis Potos\u00ed, donde se fabricar\u00e1n los modelos el\u00e9ctricos de \u00faltima generaci\u00f3n. La marca b\u00e1vara confirma una importante inversi\u00f3n para el mercado nacional, con el emplazamiento de una nueva f\u00e1brica. Hace un par de a\u00f1os BMW coloc\u00f3 [&hellip;]"}